{"id":9359,"date":"2021-05-20T22:00:04","date_gmt":"2021-05-20T22:00:04","guid":{"rendered":"https:\/\/mlaw.rs\/members\/milica-midzovic-ll-m\/"},"modified":"2024-02-29T19:15:25","modified_gmt":"2024-02-29T19:15:25","slug":"milica-midzovic-ll-m","status":"publish","type":"members","link":"https:\/\/mlaw.rs\/de\/members\/milica-midzovic-ll-m\/","title":{"rendered":"Milica Mid\u017eovi\u0107 LL.M"},"content":{"rendered":"<p><span style=\"color: #ffffff;\">Milica Mid\u017eovi\u0107 LL.M<\/span><\/p>\n<h2>Werdegang:<\/h2>\n<p style=\"font-weight: 400;\">Milica Mid\u017eovi\u0107 ist externe Beraterin unseres B\u00fcros und Teil unseres Teams seit dem Jahr 2020. Sie ist eine Master-Juristin, Teil der akademischen Gemeinschaft und arbeitet als Assistentin an der <a href=\"https:\/\/pravni.pr.ac.rs\" target=\"_blank\" rel=\"noopener\">Juristischen Fakult\u00e4t der Universit\u00e4t Pristina mit vor\u00fcbergehendem Sitz in Kosovska Mitrovica<\/a>, wo sie seit 2019 kontinuierlich Vorlesungen, \u00dcbungen, zahlreiche Workshops, Lehr- und au\u00dferschulische Aktivit\u00e4ten durchf\u00fchrt. An derselben Fakult\u00e4t ist sie Sekret\u00e4rin des Lehrstuhls f\u00fcr \u00f6ffentliches Recht, Sekret\u00e4rin des Redaktionsb\u00fcros aller Ver\u00f6ffentlichungen und Publikationen der Fakult\u00e4t sowie Teil des Teams f\u00fcr wissenschaftliche Projekte. Au\u00dferdem ist sie Mitglied des Gremiums f\u00fcr Geschlechtergleichstellung an der Universit\u00e4t Pristina.<\/p>\n<p>&nbsp;<\/p>\n<p>Milica ist auch eine junge wissenschaftliche Forscherin am <a href=\"https:\/\/nitra.gov.rs\/cir\" target=\"_blank\" rel=\"noopener\">Ministerium f\u00fcr Wissenschaft der Republik Serbien<\/a> und befindet sich derzeit im letzten Studienjahr ihres Doktoratsstudiums an der <a href=\"http:\/\/www1.ius.bg.ac.rs\" target=\"_blank\" rel=\"noopener\">Juristischen Fakult\u00e4t der Universit\u00e4t Belgrad<\/a> &#8211; Fachrichtung Arbeitsrecht.<\/p>\n<p>&nbsp;<\/p>\n<p>Sie hat ihre Ausbildung zum Schlichter und Vermittler in der L\u00f6sung von (Arbeits-)Konflikten abgeschlossen, indem sie die Akademie f\u00fcr sozialen Dialog und industrielle Beziehungen in Turin besuchte, im Schulungszentrum des Internationalen Arbeitsamts. Auf nationaler Ebene hat sie ihre Ausbildung zum Schlichter in der L\u00f6sung von Arbeitskonflikten durch die Teilnahme an Kursen und Schulungen, organisiert von der Republikanischen Agentur f\u00fcr friedliche L\u00f6sung von Arbeitskonflikten, abgeschlossen.<\/p>\n<p>&nbsp;<\/p>\n<p>Sie hat ein einj\u00e4hriges Studium der Zukunft an der Belgrader Offenen Schule abgeschlossen. Au\u00dferdem hat sie an der Fr\u00fchlingsschule &#8222;Recht und Geschlecht (Spring School\/Pilot Master Law and Gender)&#8220; an der Juristischen Fakult\u00e4t der Universit\u00e4t Belgrad sowie an der Sommerschule &#8222;EU-Politik gegen\u00fcber dem Westbalkan mit Schwerpunkt auf regionaler Zusammenarbeit, basierend auf Vers\u00f6hnung &#8211; Ergebnisse und Herausforderungen&#8220; in Mazedonien teilgenommen.<\/p>\n<p>&nbsp;<\/p>\n<p>Dar\u00fcber hinaus hat sie die &#8222;Akademie f\u00fcr Arbeitsrecht &#8211; Akademie f\u00fcr Arbeit, Menschenrechte und Geschlechtergleichstellung&#8220; in Zusammenarbeit mit der Botschaft des K\u00f6nigreichs Norwegen und der Ana und Vlade Divac Stiftung, die &#8222;Dialogakademie f\u00fcr junge Frauen&#8220; in Zusammenarbeit mit der OSCE sowie das &#8222;MELE Workshop &#8211; Modernisierung der europ\u00e4ischen Rechtswissenschaft&#8220; des Europa-Instituts in den Niederlanden abgeschlossen. Sie hat auch Spezialkurse absolviert: &#8222;EU und niederl\u00e4ndisches Rentenrecht&#8220; an der Juristischen Fakult\u00e4t in Belgrad; &#8222;Internationales Migrationsrecht&#8220;, organisiert vom Internationalen Institut f\u00fcr humanit\u00e4res Recht in Sanremo, sowie den Kurs &#8222;Eigentumsrechte und die Europ\u00e4ische Menschenrechtskonvention&#8220; in Zusammenarbeit mit dem Europarat.<\/p>\n<p>&nbsp;<\/p>\n<p>Vor ihrer akademischen Karriere arbeitete sie beim OSCE (Mission im Kosovo) als Teil des Teams f\u00fcr verschiedene Projekte.<\/p>\n<p>&nbsp;<\/p>\n<p>Als ehemalige Stipendiatin und Mitglied des Alumni-Clubs der <a href=\"https:\/\/www.kas.de\/sr\/\" target=\"_blank\" rel=\"noopener\">Konrad-Adenauer-Stiftung<\/a> (in Belgrad und Bukarest) war sie an der Entwicklung und Umsetzung zahlreicher nationaler und internationaler Projekte beteiligt.<\/p>\n<p>&nbsp;<\/p>\n<p>Sie spricht flie\u00dfend Englisch und hat ihre Russischkenntnisse durch einen Sprachkurs in Russland (Moskau) verbessert.<\/p>\n<p>&nbsp;<\/p>\n<p>Sie ist Autorin zahlreicher wissenschaftlicher Arbeiten und Organisatorin und Teilnehmerin zahlreicher Konferenzen im Bereich Rechtswissenschaft.<\/p>\n<p>&nbsp;<\/p>\n<p>Ausgew\u00e4hlte Bibliografie:<\/p>\n<ol>\n<li>MID\u017dOVI\u0106, Milica, &#8222;Court access rights of persons with disabilitiesin the legislation of the Republic of Serbia&#8220;, Intersectional Discrimination Of Women And Girls With Disabilities And Means Of Their Empowerment, Belgrade, 2022, pp. 199-227; ISBN 978-86-6132-040-8.<\/li>\n<li>MID\u017dOVI\u0106, Milica, &#8222;Regulisanje uzbunjivanja u doma\u0107em i pojedinim uporednopravnim sistemima&#8220;,Uporednopravni izazovi u Savremenom Pravu \u2013 In Memoriam Dr Stefan Andonovi\u0107, Beograd 2023, 339 &#8211; 355, ISBN 978-86-80186-99-3.<\/li>\n<li>MID\u017dOVI\u0106, Milica, ,,Promene zakonodavnih okvira radnopravnih instituta\u201d, Zbornik radova Pravna tradicija i integrativni procesi, Pravni fakultet Univerziteta u Pri\u0161tini sa privremenim sedi\u0161tem u Kosovskoj Mitrovici, Tom 2, 2020; str. 177-191; ISBN 978-86-6083-065-6; UDK 349.22(497.11); COBISS.SR-ID 24995593.<\/li>\n<li>MID\u017dOVI\u0106, Milica, ,,Pravo na zapo\u0161ljavanje i rad osoba obolelih od retkih bolesti\u201c, Radno i socijalno pravo, \u010dasopis za teoriju i praksu radnog i socijalnog prava, god. 24, br. 2, Beograd, 2020, str: 241-260; ISSN &#8211; 1450-5800; COBISS.SR-ID \u2013 133704455.<\/li>\n<li>MID\u017dOVI\u0106, Milica, ,,Odgovornost zaposlenog za \u0161tetu koju prouzrokuje poslodavcu\u201d, Tematski zbornik radova Pravni sistem u vremenu nove realnosti, Pravni fakultet Univerziteta u Pri\u0161tini sa privremenim sedi\u0161tem u Kosovskoj Mitrovici, 2021; str. 389-409; ISBN 978-86-6083-076-2; UDK 349.2:331.103.2.<\/li>\n<li>MID\u017dOVI\u0106, Milica, ,,Nezakonit otkaz ugovora o radu \u2013 Vra\u0107anje zaposlenog na rad kao vid prinudnog ostvarivanja nenov\u010danog potra\u017eivanja\u201d, Godi\u0161nji Zbornik radova, Pravni fakultet Univerziteta u Pri\u0161tini sa privremenim sedi\u0161tem u Kosovskoj Mitrovici, 2021; str: 225-241; ISSN 0354-6543; UDK 347.952:331.109.<\/li>\n<li>MID\u017dOVI\u0106, Milica (with coauthor) (2023). \u201cRacial Discrimination and COVID-19 in the European Union\u201d. In: Gstrein, O.J., Fr\u00f6hlich, M., van den Berg, C., Giegerich, T. (eds) Modernizing European Legal Education (MELE) . MELE 2023. European Union and its Neighbors in a Globalized World, vol 10. Springer, Cham. <a href=\"https:\/\/doi.org\/10.1007\/978-3-031-40801-4_16\">https:\/\/doi.org\/10.1007\/978-3-031-40801-4_16<\/a><\/li>\n<\/ol>\n<p style=\"font-weight: 400;\">\n","protected":false},"excerpt":{"rendered":"<p>Milica Mid\u017eovi\u0107 LL.M Werdegang: Milica Mid\u017eovi\u0107 ist externe Beraterin unseres B\u00fcros und Teil unseres Teams seit dem Jahr 2020. Sie ist eine Master-Juristin, Teil der akademischen Gemeinschaft und arbeitet als Assistentin an der Juristischen Fakult\u00e4t der Universit\u00e4t Pristina mit vor\u00fcbergehendem Sitz in Kosovska Mitrovica, wo sie seit 2019 kontinuierlich Vorlesungen, [&hellip;]<\/p>\n","protected":false},"featured_media":9386,"template":"","members_category":[137],"class_list":["post-9359","members","type-members","status-publish","has-post-thumbnail","hentry","members_category-advokati-i-saradnici"],"acf":[],"yoast_head":"<!-- This site is optimized with the Yoast SEO plugin v27.5 - https:\/\/yoast.com\/product\/yoast-seo-wordpress\/ -->\n<title>Milica Mid\u017eovi\u0107 LL.M - Advokatska kancelarija Mom\u010dilovi\u0107 Stankovi\u0107<\/title>\n<meta name=\"description\" content=\"Milica Mid\u017eovi\u0107 LL.M ist externe Beraterin unseres B\u00fcros und Teil unseres Teams seit 2020. Sie besch\u00e4ftigt sich haupts\u00e4chlich mit Arbeits- und Sozialrecht.\" \/>\n<meta name=\"robots\" content=\"index, follow, max-snippet:-1, max-image-preview:large, max-video-preview:-1\" \/>\n<link rel=\"canonical\" href=\"https:\/\/mlaw.rs\/de\/members\/milica-midzovic-ll-m\/\" \/>\n<meta property=\"og:locale\" content=\"de_DE\" \/>\n<meta property=\"og:type\" content=\"article\" \/>\n<meta property=\"og:title\" content=\"Milica Mid\u017eovi\u0107 LL.M - Advokatska kancelarija Mom\u010dilovi\u0107 Stankovi\u0107\" \/>\n<meta property=\"og:description\" content=\"Milica Mid\u017eovi\u0107 LL.M ist externe Beraterin unseres B\u00fcros und Teil unseres Teams seit 2020. Sie besch\u00e4ftigt sich haupts\u00e4chlich mit Arbeits- und Sozialrecht.\" \/>\n<meta property=\"og:url\" content=\"https:\/\/mlaw.rs\/de\/members\/milica-midzovic-ll-m\/\" \/>\n<meta property=\"og:site_name\" content=\"Advokatska kancelarija Mom\u010dilovi\u0107 Stankovi\u0107\" \/>\n<meta property=\"article:publisher\" content=\"https:\/\/www.facebook.com\/MomcilovicStankovic\" \/>\n<meta property=\"article:modified_time\" content=\"2024-02-29T19:15:25+00:00\" \/>\n<meta property=\"og:image\" content=\"https:\/\/mlaw.rs\/wp-content\/uploads\/2021\/04\/no-img.jpg\" \/>\n\t<meta property=\"og:image:width\" content=\"1512\" \/>\n\t<meta property=\"og:image:height\" content=\"2016\" \/>\n\t<meta property=\"og:image:type\" content=\"image\/jpeg\" \/>\n<meta name=\"twitter:card\" content=\"summary_large_image\" \/>\n<meta name=\"twitter:label1\" content=\"Gesch\u00e4tzte Lesezeit\" \/>\n\t<meta name=\"twitter:data1\" content=\"4\u00a0Minuten\" \/>\n<script type=\"application\/ld+json\" class=\"yoast-schema-graph\">{\"@context\":\"https:\\\/\\\/schema.org\",\"@graph\":[{\"@type\":\"WebPage\",\"@id\":\"https:\\\/\\\/mlaw.rs\\\/de\\\/members\\\/milica-midzovic-ll-m\\\/\",\"url\":\"https:\\\/\\\/mlaw.rs\\\/de\\\/members\\\/milica-midzovic-ll-m\\\/\",\"name\":\"Milica Mid\u017eovi\u0107 LL.M - Advokatska kancelarija Mom\u010dilovi\u0107 Stankovi\u0107\",\"isPartOf\":{\"@id\":\"https:\\\/\\\/mlaw.rs\\\/#website\"},\"primaryImageOfPage\":{\"@id\":\"https:\\\/\\\/mlaw.rs\\\/de\\\/members\\\/milica-midzovic-ll-m\\\/#primaryimage\"},\"image\":{\"@id\":\"https:\\\/\\\/mlaw.rs\\\/de\\\/members\\\/milica-midzovic-ll-m\\\/#primaryimage\"},\"thumbnailUrl\":\"https:\\\/\\\/mlaw.rs\\\/wp-content\\\/uploads\\\/2021\\\/05\\\/Milica-Midzovic-scaled.jpg\",\"datePublished\":\"2021-05-20T22:00:04+00:00\",\"dateModified\":\"2024-02-29T19:15:25+00:00\",\"description\":\"Milica Mid\u017eovi\u0107 LL.M ist externe Beraterin unseres B\u00fcros und Teil unseres Teams seit 2020. Sie besch\u00e4ftigt sich haupts\u00e4chlich mit Arbeits- und Sozialrecht.\",\"breadcrumb\":{\"@id\":\"https:\\\/\\\/mlaw.rs\\\/de\\\/members\\\/milica-midzovic-ll-m\\\/#breadcrumb\"},\"inLanguage\":\"de\",\"potentialAction\":[{\"@type\":\"ReadAction\",\"target\":[\"https:\\\/\\\/mlaw.rs\\\/de\\\/members\\\/milica-midzovic-ll-m\\\/\"]}]},{\"@type\":\"ImageObject\",\"inLanguage\":\"de\",\"@id\":\"https:\\\/\\\/mlaw.rs\\\/de\\\/members\\\/milica-midzovic-ll-m\\\/#primaryimage\",\"url\":\"https:\\\/\\\/mlaw.rs\\\/wp-content\\\/uploads\\\/2021\\\/05\\\/Milica-Midzovic-scaled.jpg\",\"contentUrl\":\"https:\\\/\\\/mlaw.rs\\\/wp-content\\\/uploads\\\/2021\\\/05\\\/Milica-Midzovic-scaled.jpg\",\"width\":1707,\"height\":2560,\"caption\":\"Milica Mid\u017eovi\u0107\"},{\"@type\":\"BreadcrumbList\",\"@id\":\"https:\\\/\\\/mlaw.rs\\\/de\\\/members\\\/milica-midzovic-ll-m\\\/#breadcrumb\",\"itemListElement\":[{\"@type\":\"ListItem\",\"position\":1,\"name\":\"\u041f\u043e\u0447\u0435\u0442\u043d\u0430\",\"item\":\"https:\\\/\\\/mlaw.rs\\\/de\\\/\"},{\"@type\":\"ListItem\",\"position\":2,\"name\":\"Members\",\"item\":\"https:\\\/\\\/mlaw.rs\\\/en\\\/members\\\/\"},{\"@type\":\"ListItem\",\"position\":3,\"name\":\"Milica Mid\u017eovi\u0107 LL.M\"}]},{\"@type\":\"WebSite\",\"@id\":\"https:\\\/\\\/mlaw.rs\\\/#website\",\"url\":\"https:\\\/\\\/mlaw.rs\\\/\",\"name\":\"Advokatska kancelarija Mom\u010dilovi\u0107 Stankovi\u0107\",\"description\":\"Advokatska kancelarija Mom\u010dilovi\u0107 Stankovi\u0107\",\"publisher\":{\"@id\":\"https:\\\/\\\/mlaw.rs\\\/#organization\"},\"potentialAction\":[{\"@type\":\"SearchAction\",\"target\":{\"@type\":\"EntryPoint\",\"urlTemplate\":\"https:\\\/\\\/mlaw.rs\\\/?s={search_term_string}\"},\"query-input\":{\"@type\":\"PropertyValueSpecification\",\"valueRequired\":true,\"valueName\":\"search_term_string\"}}],\"inLanguage\":\"de\"},{\"@type\":\"Organization\",\"@id\":\"https:\\\/\\\/mlaw.rs\\\/#organization\",\"name\":\"Advokatska kancelarija Mom\u010dilovi\u0107 Stankovi\u0107\",\"url\":\"https:\\\/\\\/mlaw.rs\\\/\",\"logo\":{\"@type\":\"ImageObject\",\"inLanguage\":\"de\",\"@id\":\"https:\\\/\\\/mlaw.rs\\\/#\\\/schema\\\/logo\\\/image\\\/\",\"url\":\"https:\\\/\\\/mlaw.rs\\\/wp-content\\\/uploads\\\/2024\\\/01\\\/cropped-Screenshot-2024-01-06-at-12.41.19.png\",\"contentUrl\":\"https:\\\/\\\/mlaw.rs\\\/wp-content\\\/uploads\\\/2024\\\/01\\\/cropped-Screenshot-2024-01-06-at-12.41.19.png\",\"width\":512,\"height\":512,\"caption\":\"Advokatska kancelarija Mom\u010dilovi\u0107 Stankovi\u0107\"},\"image\":{\"@id\":\"https:\\\/\\\/mlaw.rs\\\/#\\\/schema\\\/logo\\\/image\\\/\"},\"sameAs\":[\"https:\\\/\\\/www.facebook.com\\\/MomcilovicStankovic\",\"https:\\\/\\\/www.linkedin.com\\\/company\\\/advokatska-kancelarija-mom\u010dilovi\u0107\"]}]}<\/script>\n<!-- \/ Yoast SEO plugin. -->","yoast_head_json":{"title":"Milica Mid\u017eovi\u0107 LL.M - Advokatska kancelarija Mom\u010dilovi\u0107 Stankovi\u0107","description":"Milica Mid\u017eovi\u0107 LL.M ist externe Beraterin unseres B\u00fcros und Teil unseres Teams seit 2020. Sie besch\u00e4ftigt sich haupts\u00e4chlich mit Arbeits- und Sozialrecht.","robots":{"index":"index","follow":"follow","max-snippet":"max-snippet:-1","max-image-preview":"max-image-preview:large","max-video-preview":"max-video-preview:-1"},"canonical":"https:\/\/mlaw.rs\/de\/members\/milica-midzovic-ll-m\/","og_locale":"de_DE","og_type":"article","og_title":"Milica Mid\u017eovi\u0107 LL.M - Advokatska kancelarija Mom\u010dilovi\u0107 Stankovi\u0107","og_description":"Milica Mid\u017eovi\u0107 LL.M ist externe Beraterin unseres B\u00fcros und Teil unseres Teams seit 2020. Sie besch\u00e4ftigt sich haupts\u00e4chlich mit Arbeits- und Sozialrecht.","og_url":"https:\/\/mlaw.rs\/de\/members\/milica-midzovic-ll-m\/","og_site_name":"Advokatska kancelarija Mom\u010dilovi\u0107 Stankovi\u0107","article_publisher":"https:\/\/www.facebook.com\/MomcilovicStankovic","article_modified_time":"2024-02-29T19:15:25+00:00","og_image":[{"width":1512,"height":2016,"url":"https:\/\/mlaw.rs\/wp-content\/uploads\/2021\/04\/no-img.jpg","type":"image\/jpeg"}],"twitter_card":"summary_large_image","twitter_misc":{"Gesch\u00e4tzte Lesezeit":"4\u00a0Minuten"},"schema":{"@context":"https:\/\/schema.org","@graph":[{"@type":"WebPage","@id":"https:\/\/mlaw.rs\/de\/members\/milica-midzovic-ll-m\/","url":"https:\/\/mlaw.rs\/de\/members\/milica-midzovic-ll-m\/","name":"Milica Mid\u017eovi\u0107 LL.M - Advokatska kancelarija Mom\u010dilovi\u0107 Stankovi\u0107","isPartOf":{"@id":"https:\/\/mlaw.rs\/#website"},"primaryImageOfPage":{"@id":"https:\/\/mlaw.rs\/de\/members\/milica-midzovic-ll-m\/#primaryimage"},"image":{"@id":"https:\/\/mlaw.rs\/de\/members\/milica-midzovic-ll-m\/#primaryimage"},"thumbnailUrl":"https:\/\/mlaw.rs\/wp-content\/uploads\/2021\/05\/Milica-Midzovic-scaled.jpg","datePublished":"2021-05-20T22:00:04+00:00","dateModified":"2024-02-29T19:15:25+00:00","description":"Milica Mid\u017eovi\u0107 LL.M ist externe Beraterin unseres B\u00fcros und Teil unseres Teams seit 2020. Sie besch\u00e4ftigt sich haupts\u00e4chlich mit Arbeits- und Sozialrecht.","breadcrumb":{"@id":"https:\/\/mlaw.rs\/de\/members\/milica-midzovic-ll-m\/#breadcrumb"},"inLanguage":"de","potentialAction":[{"@type":"ReadAction","target":["https:\/\/mlaw.rs\/de\/members\/milica-midzovic-ll-m\/"]}]},{"@type":"ImageObject","inLanguage":"de","@id":"https:\/\/mlaw.rs\/de\/members\/milica-midzovic-ll-m\/#primaryimage","url":"https:\/\/mlaw.rs\/wp-content\/uploads\/2021\/05\/Milica-Midzovic-scaled.jpg","contentUrl":"https:\/\/mlaw.rs\/wp-content\/uploads\/2021\/05\/Milica-Midzovic-scaled.jpg","width":1707,"height":2560,"caption":"Milica Mid\u017eovi\u0107"},{"@type":"BreadcrumbList","@id":"https:\/\/mlaw.rs\/de\/members\/milica-midzovic-ll-m\/#breadcrumb","itemListElement":[{"@type":"ListItem","position":1,"name":"\u041f\u043e\u0447\u0435\u0442\u043d\u0430","item":"https:\/\/mlaw.rs\/de\/"},{"@type":"ListItem","position":2,"name":"Members","item":"https:\/\/mlaw.rs\/en\/members\/"},{"@type":"ListItem","position":3,"name":"Milica Mid\u017eovi\u0107 LL.M"}]},{"@type":"WebSite","@id":"https:\/\/mlaw.rs\/#website","url":"https:\/\/mlaw.rs\/","name":"Advokatska kancelarija Mom\u010dilovi\u0107 Stankovi\u0107","description":"Advokatska kancelarija Mom\u010dilovi\u0107 Stankovi\u0107","publisher":{"@id":"https:\/\/mlaw.rs\/#organization"},"potentialAction":[{"@type":"SearchAction","target":{"@type":"EntryPoint","urlTemplate":"https:\/\/mlaw.rs\/?s={search_term_string}"},"query-input":{"@type":"PropertyValueSpecification","valueRequired":true,"valueName":"search_term_string"}}],"inLanguage":"de"},{"@type":"Organization","@id":"https:\/\/mlaw.rs\/#organization","name":"Advokatska kancelarija Mom\u010dilovi\u0107 Stankovi\u0107","url":"https:\/\/mlaw.rs\/","logo":{"@type":"ImageObject","inLanguage":"de","@id":"https:\/\/mlaw.rs\/#\/schema\/logo\/image\/","url":"https:\/\/mlaw.rs\/wp-content\/uploads\/2024\/01\/cropped-Screenshot-2024-01-06-at-12.41.19.png","contentUrl":"https:\/\/mlaw.rs\/wp-content\/uploads\/2024\/01\/cropped-Screenshot-2024-01-06-at-12.41.19.png","width":512,"height":512,"caption":"Advokatska kancelarija Mom\u010dilovi\u0107 Stankovi\u0107"},"image":{"@id":"https:\/\/mlaw.rs\/#\/schema\/logo\/image\/"},"sameAs":["https:\/\/www.facebook.com\/MomcilovicStankovic","https:\/\/www.linkedin.com\/company\/advokatska-kancelarija-mom\u010dilovi\u0107"]}]}},"_links":{"self":[{"href":"https:\/\/mlaw.rs\/de\/wp-json\/wp\/v2\/members\/9359","targetHints":{"allow":["GET"]}}],"collection":[{"href":"https:\/\/mlaw.rs\/de\/wp-json\/wp\/v2\/members"}],"about":[{"href":"https:\/\/mlaw.rs\/de\/wp-json\/wp\/v2\/types\/members"}],"version-history":[{"count":2,"href":"https:\/\/mlaw.rs\/de\/wp-json\/wp\/v2\/members\/9359\/revisions"}],"predecessor-version":[{"id":9362,"href":"https:\/\/mlaw.rs\/de\/wp-json\/wp\/v2\/members\/9359\/revisions\/9362"}],"wp:featuredmedia":[{"embeddable":true,"href":"https:\/\/mlaw.rs\/de\/wp-json\/wp\/v2\/media\/9386"}],"wp:attachment":[{"href":"https:\/\/mlaw.rs\/de\/wp-json\/wp\/v2\/media?parent=9359"}],"wp:term":[{"taxonomy":"members_category","embeddable":true,"href":"https:\/\/mlaw.rs\/de\/wp-json\/wp\/v2\/members_category?post=9359"}],"curies":[{"name":"wp","href":"https:\/\/api.w.org\/{rel}","templated":true}]}}