{"id":9597,"date":"2023-11-20T07:41:10","date_gmt":"2023-11-20T07:41:10","guid":{"rendered":"https:\/\/mlaw.rs\/members\/tamara-crvenkovic\/"},"modified":"2024-08-09T07:48:45","modified_gmt":"2024-08-09T07:48:45","slug":"tamara-crvenkovic","status":"publish","type":"members","link":"https:\/\/mlaw.rs\/de\/members\/tamara-crvenkovic\/","title":{"rendered":"Tamara Crvenkovi\u0107"},"content":{"rendered":"<h6><span style=\"color: #ffffff;\">Tamara Crvenkovi\u0107<\/span><\/h6>\n<h2>Werdegang:<\/h2>\n<p>Tamara Crvenkovi\u0107 ist Praktikantin in unserer Anwaltskanzlei und steht kurz vor dem Abschluss ihres Studiums an der <a href=\"http:\/\/www1.ius.bg.ac.rs\">Juristischen Fakult\u00e4t der Universit\u00e4t Belgrad<\/a>. W\u00e4hrend ihres Studiums entwickelte sie ein besonderes Interesse f\u00fcr Familien- und Erbrecht, wobei sie au\u00dfergew\u00f6hnliches Engagement und Verst\u00e4ndnis f\u00fcr die Komplexit\u00e4t dieser Rechtsgebiete gezeigt hat.<\/p>\n<p>&nbsp;<\/p>\n<p>Dar\u00fcber hinaus ist Tamara in unserer Kanzlei an der Bearbeitung von F\u00e4llen im Bereich Wirtschaftsrecht beteiligt, mit besonderem Fokus auf Wirtschaftsstraftaten und strafrechtliche Verantwortung. Ihr Wissen und Interesse an diesem Bereich tragen zur Effizienz und Qualit\u00e4t des Teams bei, in dem sie t\u00e4tig ist.<\/p>\n<p>&nbsp;<\/p>\n<p>Tamara war w\u00e4hrend ihres Studiums aktives Mitglied verschiedener Studentenorganisationen, in denen sie wertvolle Erfahrungen und F\u00e4higkeiten in Teamarbeit, Organisation und juristischer Analyse sammelte. Ihre Proaktivit\u00e4t, Verantwortungsbewusstsein und Engagement f\u00fchrten sie bereits im dritten Studienjahr zu unserem Team, wo sie erfolgreich akademische Verpflichtungen mit ihren ersten beruflichen Erfahrungen in der Praxis verbindet.<\/p>\n<p>&nbsp;<\/p>\n<p>Neben ihrer fachlichen Weiterentwicklung im nationalen Recht spricht Tamara flie\u00dfend Englisch, was es ihr erm\u00f6glicht, internationale Rechtsstandards zu verfolgen und anzuwenden sowie mit ausl\u00e4ndischen Mandanten und Kollegen zu kommunizieren. Ihre Sprachkenntnisse bereichern zus\u00e4tzlich ihre F\u00e4higkeit, sich in einem modernen Arbeitsumfeld zurechtzufinden.<\/p>\n<p>&nbsp;<\/p>\n<p>Die Kombination aus ihrem akademischen Wissen, ihrer praktischen Erfahrung, ihren Sprachkenntnissen und ihrem proaktiven Ansatz macht Tamara Crvenkovi\u0107 zu einem wertvollen Mitglied unseres Teams und einer jungen Juristin mit gro\u00dfem Potenzial f\u00fcr ihre weitere berufliche Entwicklung. Ihr Engagement und ihre Ambitionen versprechen eine erfolgreiche Zukunft in der Rechtsbranche.<\/p>\n","protected":false},"excerpt":{"rendered":"<p>Tamara Crvenkovi\u0107 Werdegang: Tamara Crvenkovi\u0107 ist Praktikantin in unserer Anwaltskanzlei und steht kurz vor dem Abschluss ihres Studiums an der Juristischen Fakult\u00e4t der Universit\u00e4t Belgrad. W\u00e4hrend ihres Studiums entwickelte sie ein besonderes Interesse f\u00fcr Familien- und Erbrecht, wobei sie au\u00dfergew\u00f6hnliches Engagement und Verst\u00e4ndnis f\u00fcr die Komplexit\u00e4t dieser Rechtsgebiete gezeigt hat. [&hellip;]<\/p>\n","protected":false},"featured_media":9589,"template":"","members_category":[137],"class_list":["post-9597","members","type-members","status-publish","has-post-thumbnail","hentry","members_category-advokati-i-saradnici"],"acf":[],"yoast_head":"<!-- This site is optimized with the Yoast SEO plugin v27.5 - https:\/\/yoast.com\/product\/yoast-seo-wordpress\/ -->\n<title>Tamara Crvenkovi\u0107 - Advokatska kancelarija Mom\u010dilovi\u0107 Stankovi\u0107<\/title>\n<meta name=\"description\" content=\"Tamara Crvenkovi\u0107 - Studentin an der Juristischen Fakult\u00e4t der Universit\u00e4t Belgrad und Praktikantin in unserer Anwaltskanzlei\" \/>\n<meta name=\"robots\" content=\"index, follow, max-snippet:-1, max-image-preview:large, max-video-preview:-1\" \/>\n<link rel=\"canonical\" href=\"https:\/\/mlaw.rs\/de\/members\/tamara-crvenkovic\/\" \/>\n<meta property=\"og:locale\" content=\"de_DE\" \/>\n<meta property=\"og:type\" content=\"article\" \/>\n<meta property=\"og:title\" content=\"Tamara Crvenkovi\u0107 - Advokatska kancelarija Mom\u010dilovi\u0107 Stankovi\u0107\" \/>\n<meta property=\"og:description\" content=\"Tamara Crvenkovi\u0107 - Studentin an der Juristischen Fakult\u00e4t der Universit\u00e4t Belgrad und Praktikantin in unserer Anwaltskanzlei\" \/>\n<meta property=\"og:url\" content=\"https:\/\/mlaw.rs\/de\/members\/tamara-crvenkovic\/\" \/>\n<meta property=\"og:site_name\" content=\"Advokatska kancelarija Mom\u010dilovi\u0107 Stankovi\u0107\" \/>\n<meta property=\"article:publisher\" content=\"https:\/\/www.facebook.com\/MomcilovicStankovic\" \/>\n<meta property=\"article:modified_time\" content=\"2024-08-09T07:48:45+00:00\" \/>\n<meta property=\"og:image\" content=\"https:\/\/mlaw.rs\/wp-content\/uploads\/2024\/08\/Tamara-Crvenkovic.jpeg\" \/>\n\t<meta property=\"og:image:width\" content=\"1067\" \/>\n\t<meta property=\"og:image:height\" content=\"1600\" \/>\n\t<meta property=\"og:image:type\" content=\"image\/jpeg\" \/>\n<meta name=\"twitter:card\" content=\"summary_large_image\" \/>\n<meta name=\"twitter:label1\" content=\"Gesch\u00e4tzte Lesezeit\" \/>\n\t<meta name=\"twitter:data1\" content=\"1\u00a0Minute\" \/>\n<script type=\"application\/ld+json\" class=\"yoast-schema-graph\">{\"@context\":\"https:\\\/\\\/schema.org\",\"@graph\":[{\"@type\":\"WebPage\",\"@id\":\"https:\\\/\\\/mlaw.rs\\\/de\\\/members\\\/tamara-crvenkovic\\\/\",\"url\":\"https:\\\/\\\/mlaw.rs\\\/de\\\/members\\\/tamara-crvenkovic\\\/\",\"name\":\"Tamara Crvenkovi\u0107 - Advokatska kancelarija Mom\u010dilovi\u0107 Stankovi\u0107\",\"isPartOf\":{\"@id\":\"https:\\\/\\\/mlaw.rs\\\/#website\"},\"primaryImageOfPage\":{\"@id\":\"https:\\\/\\\/mlaw.rs\\\/de\\\/members\\\/tamara-crvenkovic\\\/#primaryimage\"},\"image\":{\"@id\":\"https:\\\/\\\/mlaw.rs\\\/de\\\/members\\\/tamara-crvenkovic\\\/#primaryimage\"},\"thumbnailUrl\":\"https:\\\/\\\/mlaw.rs\\\/wp-content\\\/uploads\\\/2024\\\/08\\\/Tamara-Crvenkovic.jpeg\",\"datePublished\":\"2023-11-20T07:41:10+00:00\",\"dateModified\":\"2024-08-09T07:48:45+00:00\",\"description\":\"Tamara Crvenkovi\u0107 - Studentin an der Juristischen Fakult\u00e4t der Universit\u00e4t Belgrad und Praktikantin in unserer Anwaltskanzlei\",\"breadcrumb\":{\"@id\":\"https:\\\/\\\/mlaw.rs\\\/de\\\/members\\\/tamara-crvenkovic\\\/#breadcrumb\"},\"inLanguage\":\"de\",\"potentialAction\":[{\"@type\":\"ReadAction\",\"target\":[\"https:\\\/\\\/mlaw.rs\\\/de\\\/members\\\/tamara-crvenkovic\\\/\"]}]},{\"@type\":\"ImageObject\",\"inLanguage\":\"de\",\"@id\":\"https:\\\/\\\/mlaw.rs\\\/de\\\/members\\\/tamara-crvenkovic\\\/#primaryimage\",\"url\":\"https:\\\/\\\/mlaw.rs\\\/wp-content\\\/uploads\\\/2024\\\/08\\\/Tamara-Crvenkovic.jpeg\",\"contentUrl\":\"https:\\\/\\\/mlaw.rs\\\/wp-content\\\/uploads\\\/2024\\\/08\\\/Tamara-Crvenkovic.jpeg\",\"width\":1067,\"height\":1600,\"caption\":\"Tamara Crvenkovi\u0107\"},{\"@type\":\"BreadcrumbList\",\"@id\":\"https:\\\/\\\/mlaw.rs\\\/de\\\/members\\\/tamara-crvenkovic\\\/#breadcrumb\",\"itemListElement\":[{\"@type\":\"ListItem\",\"position\":1,\"name\":\"\u041f\u043e\u0447\u0435\u0442\u043d\u0430\",\"item\":\"https:\\\/\\\/mlaw.rs\\\/de\\\/\"},{\"@type\":\"ListItem\",\"position\":2,\"name\":\"Members\",\"item\":\"https:\\\/\\\/mlaw.rs\\\/en\\\/members\\\/\"},{\"@type\":\"ListItem\",\"position\":3,\"name\":\"Tamara Crvenkovi\u0107\"}]},{\"@type\":\"WebSite\",\"@id\":\"https:\\\/\\\/mlaw.rs\\\/#website\",\"url\":\"https:\\\/\\\/mlaw.rs\\\/\",\"name\":\"Advokatska kancelarija Mom\u010dilovi\u0107 Stankovi\u0107\",\"description\":\"Advokatska kancelarija Mom\u010dilovi\u0107 Stankovi\u0107\",\"publisher\":{\"@id\":\"https:\\\/\\\/mlaw.rs\\\/#organization\"},\"potentialAction\":[{\"@type\":\"SearchAction\",\"target\":{\"@type\":\"EntryPoint\",\"urlTemplate\":\"https:\\\/\\\/mlaw.rs\\\/?s={search_term_string}\"},\"query-input\":{\"@type\":\"PropertyValueSpecification\",\"valueRequired\":true,\"valueName\":\"search_term_string\"}}],\"inLanguage\":\"de\"},{\"@type\":\"Organization\",\"@id\":\"https:\\\/\\\/mlaw.rs\\\/#organization\",\"name\":\"Advokatska kancelarija Mom\u010dilovi\u0107 Stankovi\u0107\",\"url\":\"https:\\\/\\\/mlaw.rs\\\/\",\"logo\":{\"@type\":\"ImageObject\",\"inLanguage\":\"de\",\"@id\":\"https:\\\/\\\/mlaw.rs\\\/#\\\/schema\\\/logo\\\/image\\\/\",\"url\":\"https:\\\/\\\/mlaw.rs\\\/wp-content\\\/uploads\\\/2024\\\/01\\\/cropped-Screenshot-2024-01-06-at-12.41.19.png\",\"contentUrl\":\"https:\\\/\\\/mlaw.rs\\\/wp-content\\\/uploads\\\/2024\\\/01\\\/cropped-Screenshot-2024-01-06-at-12.41.19.png\",\"width\":512,\"height\":512,\"caption\":\"Advokatska kancelarija Mom\u010dilovi\u0107 Stankovi\u0107\"},\"image\":{\"@id\":\"https:\\\/\\\/mlaw.rs\\\/#\\\/schema\\\/logo\\\/image\\\/\"},\"sameAs\":[\"https:\\\/\\\/www.facebook.com\\\/MomcilovicStankovic\",\"https:\\\/\\\/www.linkedin.com\\\/company\\\/advokatska-kancelarija-mom\u010dilovi\u0107\"]}]}<\/script>\n<!-- \/ Yoast SEO plugin. -->","yoast_head_json":{"title":"Tamara Crvenkovi\u0107 - Advokatska kancelarija Mom\u010dilovi\u0107 Stankovi\u0107","description":"Tamara Crvenkovi\u0107 - Studentin an der Juristischen Fakult\u00e4t der Universit\u00e4t Belgrad und Praktikantin in unserer Anwaltskanzlei","robots":{"index":"index","follow":"follow","max-snippet":"max-snippet:-1","max-image-preview":"max-image-preview:large","max-video-preview":"max-video-preview:-1"},"canonical":"https:\/\/mlaw.rs\/de\/members\/tamara-crvenkovic\/","og_locale":"de_DE","og_type":"article","og_title":"Tamara Crvenkovi\u0107 - Advokatska kancelarija Mom\u010dilovi\u0107 Stankovi\u0107","og_description":"Tamara Crvenkovi\u0107 - Studentin an der Juristischen Fakult\u00e4t der Universit\u00e4t Belgrad und Praktikantin in unserer Anwaltskanzlei","og_url":"https:\/\/mlaw.rs\/de\/members\/tamara-crvenkovic\/","og_site_name":"Advokatska kancelarija Mom\u010dilovi\u0107 Stankovi\u0107","article_publisher":"https:\/\/www.facebook.com\/MomcilovicStankovic","article_modified_time":"2024-08-09T07:48:45+00:00","og_image":[{"width":1067,"height":1600,"url":"https:\/\/mlaw.rs\/wp-content\/uploads\/2024\/08\/Tamara-Crvenkovic.jpeg","type":"image\/jpeg"}],"twitter_card":"summary_large_image","twitter_misc":{"Gesch\u00e4tzte Lesezeit":"1\u00a0Minute"},"schema":{"@context":"https:\/\/schema.org","@graph":[{"@type":"WebPage","@id":"https:\/\/mlaw.rs\/de\/members\/tamara-crvenkovic\/","url":"https:\/\/mlaw.rs\/de\/members\/tamara-crvenkovic\/","name":"Tamara Crvenkovi\u0107 - Advokatska kancelarija Mom\u010dilovi\u0107 Stankovi\u0107","isPartOf":{"@id":"https:\/\/mlaw.rs\/#website"},"primaryImageOfPage":{"@id":"https:\/\/mlaw.rs\/de\/members\/tamara-crvenkovic\/#primaryimage"},"image":{"@id":"https:\/\/mlaw.rs\/de\/members\/tamara-crvenkovic\/#primaryimage"},"thumbnailUrl":"https:\/\/mlaw.rs\/wp-content\/uploads\/2024\/08\/Tamara-Crvenkovic.jpeg","datePublished":"2023-11-20T07:41:10+00:00","dateModified":"2024-08-09T07:48:45+00:00","description":"Tamara Crvenkovi\u0107 - Studentin an der Juristischen Fakult\u00e4t der Universit\u00e4t Belgrad und Praktikantin in unserer Anwaltskanzlei","breadcrumb":{"@id":"https:\/\/mlaw.rs\/de\/members\/tamara-crvenkovic\/#breadcrumb"},"inLanguage":"de","potentialAction":[{"@type":"ReadAction","target":["https:\/\/mlaw.rs\/de\/members\/tamara-crvenkovic\/"]}]},{"@type":"ImageObject","inLanguage":"de","@id":"https:\/\/mlaw.rs\/de\/members\/tamara-crvenkovic\/#primaryimage","url":"https:\/\/mlaw.rs\/wp-content\/uploads\/2024\/08\/Tamara-Crvenkovic.jpeg","contentUrl":"https:\/\/mlaw.rs\/wp-content\/uploads\/2024\/08\/Tamara-Crvenkovic.jpeg","width":1067,"height":1600,"caption":"Tamara Crvenkovi\u0107"},{"@type":"BreadcrumbList","@id":"https:\/\/mlaw.rs\/de\/members\/tamara-crvenkovic\/#breadcrumb","itemListElement":[{"@type":"ListItem","position":1,"name":"\u041f\u043e\u0447\u0435\u0442\u043d\u0430","item":"https:\/\/mlaw.rs\/de\/"},{"@type":"ListItem","position":2,"name":"Members","item":"https:\/\/mlaw.rs\/en\/members\/"},{"@type":"ListItem","position":3,"name":"Tamara Crvenkovi\u0107"}]},{"@type":"WebSite","@id":"https:\/\/mlaw.rs\/#website","url":"https:\/\/mlaw.rs\/","name":"Advokatska kancelarija Mom\u010dilovi\u0107 Stankovi\u0107","description":"Advokatska kancelarija Mom\u010dilovi\u0107 Stankovi\u0107","publisher":{"@id":"https:\/\/mlaw.rs\/#organization"},"potentialAction":[{"@type":"SearchAction","target":{"@type":"EntryPoint","urlTemplate":"https:\/\/mlaw.rs\/?s={search_term_string}"},"query-input":{"@type":"PropertyValueSpecification","valueRequired":true,"valueName":"search_term_string"}}],"inLanguage":"de"},{"@type":"Organization","@id":"https:\/\/mlaw.rs\/#organization","name":"Advokatska kancelarija Mom\u010dilovi\u0107 Stankovi\u0107","url":"https:\/\/mlaw.rs\/","logo":{"@type":"ImageObject","inLanguage":"de","@id":"https:\/\/mlaw.rs\/#\/schema\/logo\/image\/","url":"https:\/\/mlaw.rs\/wp-content\/uploads\/2024\/01\/cropped-Screenshot-2024-01-06-at-12.41.19.png","contentUrl":"https:\/\/mlaw.rs\/wp-content\/uploads\/2024\/01\/cropped-Screenshot-2024-01-06-at-12.41.19.png","width":512,"height":512,"caption":"Advokatska kancelarija Mom\u010dilovi\u0107 Stankovi\u0107"},"image":{"@id":"https:\/\/mlaw.rs\/#\/schema\/logo\/image\/"},"sameAs":["https:\/\/www.facebook.com\/MomcilovicStankovic","https:\/\/www.linkedin.com\/company\/advokatska-kancelarija-mom\u010dilovi\u0107"]}]}},"_links":{"self":[{"href":"https:\/\/mlaw.rs\/de\/wp-json\/wp\/v2\/members\/9597","targetHints":{"allow":["GET"]}}],"collection":[{"href":"https:\/\/mlaw.rs\/de\/wp-json\/wp\/v2\/members"}],"about":[{"href":"https:\/\/mlaw.rs\/de\/wp-json\/wp\/v2\/types\/members"}],"version-history":[{"count":3,"href":"https:\/\/mlaw.rs\/de\/wp-json\/wp\/v2\/members\/9597\/revisions"}],"predecessor-version":[{"id":9603,"href":"https:\/\/mlaw.rs\/de\/wp-json\/wp\/v2\/members\/9597\/revisions\/9603"}],"wp:featuredmedia":[{"embeddable":true,"href":"https:\/\/mlaw.rs\/de\/wp-json\/wp\/v2\/media\/9589"}],"wp:attachment":[{"href":"https:\/\/mlaw.rs\/de\/wp-json\/wp\/v2\/media?parent=9597"}],"wp:term":[{"taxonomy":"members_category","embeddable":true,"href":"https:\/\/mlaw.rs\/de\/wp-json\/wp\/v2\/members_category?post=9597"}],"curies":[{"name":"wp","href":"https:\/\/api.w.org\/{rel}","templated":true}]}}